{"id":15,"date":"2026-03-10T00:49:26","date_gmt":"2026-03-10T00:49:26","guid":{"rendered":"https:\/\/raizesdopico.com\/?page_id=15"},"modified":"2026-04-28T10:20:44","modified_gmt":"2026-04-28T10:20:44","slug":"vinha","status":"publish","type":"page","link":"https:\/\/raizesdopico.com\/en\/vinha\/","title":{"rendered":"Vineyard"},"content":{"rendered":"<div data-elementor-type=\"wp-page\" data-elementor-id=\"15\" class=\"elementor elementor-15\" data-elementor-post-type=\"page\">\n\t\t\t\t<div class=\"elementor-element elementor-element-3d454184 e-con-full e-flex e-con e-parent\" data-id=\"3d454184\" data-element_type=\"container\" data-e-type=\"container\" data-settings=\"{&quot;background_background&quot;:&quot;classic&quot;}\">\n\t\t<div class=\"elementor-element elementor-element-36e54a4f e-con-full e-flex e-con e-child\" data-id=\"36e54a4f\" data-element_type=\"container\" data-e-type=\"container\">\n\t\t\t\t<\/div>\n\t\t<div class=\"elementor-element elementor-element-7fe1a2be e-con-full animated-slow e-flex elementor-invisible e-con e-child\" data-id=\"7fe1a2be\" data-element_type=\"container\" data-e-type=\"container\" data-settings=\"{&quot;animation&quot;:&quot;fadeInRight&quot;}\">\n\t\t\t\t<div class=\"elementor-element elementor-element-4b302399 elementor-widget elementor-widget-heading\" data-id=\"4b302399\" data-element_type=\"widget\" data-e-type=\"widget\" data-widget_type=\"heading.default\">\n\t\t\t\t\t<h2 class=\"elementor-heading-title elementor-size-default translation-block\">A Tradition Over a Century Old<\/h2>\t\t\t\t<\/div>\n\t\t\t\t<div class=\"elementor-element elementor-element-59637d99 elementor-widget elementor-widget-text-editor\" data-id=\"59637d99\" data-element_type=\"widget\" data-e-type=\"widget\" data-widget_type=\"text-editor.default\">\n\t\t\t\t\t\t\t\t\t<p data-start=\"5671\" data-end=\"5926\" class=\"translation-block\">The vineyards of Ra\u00edzes do Pico are part of family land that has been cultivated across several generations. For many years, the ancestors lived exclusively from agriculture, dedicating much of their work to vine cultivation.<\/p><p data-start=\"5928\" data-end=\"6031\">This agricultural work was part of the family's daily life and contributed to the local economy of the island.<\/p>\t\t\t\t\t\t\t\t<\/div>\n\t\t\t\t<\/div>\n\t\t\t\t<\/div>\n\t\t<div class=\"elementor-element elementor-element-e212886 e-flex e-con-boxed e-con e-parent\" data-id=\"e212886\" data-element_type=\"container\" data-e-type=\"container\">\n\t\t\t\t\t<div class=\"e-con-inner\">\n\t\t\t\t<div class=\"elementor-element elementor-element-9dd2991 animated-slow elementor-invisible elementor-widget elementor-widget-heading\" data-id=\"9dd2991\" data-element_type=\"widget\" data-e-type=\"widget\" data-settings=\"{&quot;_animation&quot;:&quot;fadeInUp&quot;}\" data-widget_type=\"heading.default\">\n\t\t\t\t\t<h2 class=\"elementor-heading-title elementor-size-default\">Grape Varieties Cultivated<\/h2>\t\t\t\t<\/div>\n\t\t\t\t<div class=\"elementor-element elementor-element-6c15c22 animated-slow elementor-invisible elementor-widget elementor-widget-text-editor\" data-id=\"6c15c22\" data-element_type=\"widget\" data-e-type=\"widget\" data-settings=\"{&quot;_animation&quot;:&quot;fadeInUp&quot;}\" data-widget_type=\"text-editor.default\">\n\t\t\t\t\t\t\t\t\t<p data-start=\"6056\" data-end=\"6147\">Some of the Azores\u2019 most iconic grape varieties are grown on the family\u2019s land:<\/p>\t\t\t\t\t\t\t\t<\/div>\n\t\t\t\t\t<\/div>\n\t\t\t\t<\/div>\n\t\t<div class=\"elementor-element elementor-element-6e5d0b8e e-flex e-con-boxed e-con e-parent\" data-id=\"6e5d0b8e\" data-element_type=\"container\" data-e-type=\"container\">\n\t\t\t\t\t<div class=\"e-con-inner\">\n\t\t<div class=\"elementor-element elementor-element-56ee7561 e-con-full animated-slow e-flex elementor-invisible e-con e-child\" data-id=\"56ee7561\" data-element_type=\"container\" data-e-type=\"container\" data-settings=\"{&quot;animation&quot;:&quot;fadeInUp&quot;,&quot;animation_delay&quot;:200}\">\n\t\t<div class=\"elementor-element elementor-element-2113fb5 e-con-full e-flex e-con e-child\" data-id=\"2113fb5\" data-element_type=\"container\" data-e-type=\"container\" data-settings=\"{&quot;background_background&quot;:&quot;classic&quot;}\">\n\t\t\t\t<\/div>\n\t\t\t\t<div class=\"elementor-element elementor-element-50eebb27 elementor-widget elementor-widget-heading\" data-id=\"50eebb27\" data-element_type=\"widget\" data-e-type=\"widget\" data-widget_type=\"heading.default\">\n\t\t\t\t\t<h2 class=\"elementor-heading-title elementor-size-default\">Verdelho dos A\u00e7ores<\/h2>\t\t\t\t<\/div>\n\t\t\t\t<div class=\"elementor-element elementor-element-9d98ec3 elementor-widget elementor-widget-text-editor\" data-id=\"9d98ec3\" data-element_type=\"widget\" data-e-type=\"widget\" data-widget_type=\"text-editor.default\">\n\t\t\t\t\t\t\t\t\t<p data-start=\"6149\" data-end=\"6270\">One of the most historic grape varieties of Pico Island, known for its freshness and mineral character.<\/p>\t\t\t\t\t\t\t\t<\/div>\n\t\t\t\t<\/div>\n\t\t<div class=\"elementor-element elementor-element-6fed5776 e-con-full animated-slow e-flex elementor-invisible e-con e-child\" data-id=\"6fed5776\" data-element_type=\"container\" data-e-type=\"container\" data-settings=\"{&quot;animation&quot;:&quot;fadeInUp&quot;,&quot;animation_delay&quot;:400}\">\n\t\t<div class=\"elementor-element elementor-element-b7eab98 e-con-full e-flex e-con e-child\" data-id=\"b7eab98\" data-element_type=\"container\" data-e-type=\"container\" data-settings=\"{&quot;background_background&quot;:&quot;classic&quot;}\">\n\t\t\t\t<\/div>\n\t\t\t\t<div class=\"elementor-element elementor-element-441257e2 elementor-widget elementor-widget-heading\" data-id=\"441257e2\" data-element_type=\"widget\" data-e-type=\"widget\" data-widget_type=\"heading.default\">\n\t\t\t\t\t<h2 class=\"elementor-heading-title elementor-size-default\">Arinto dos A\u00e7ores\n<\/h2>\t\t\t\t<\/div>\n\t\t\t\t<div class=\"elementor-element elementor-element-58950291 elementor-widget elementor-widget-text-editor\" data-id=\"58950291\" data-element_type=\"widget\" data-e-type=\"widget\" data-widget_type=\"text-editor.default\">\n\t\t\t\t\t\t\t\t\t<p data-start=\"6272\" data-end=\"6382\">A variety adapted to Atlantic conditions, producing elegant wines with good acidity.<\/p>\t\t\t\t\t\t\t\t<\/div>\n\t\t\t\t<\/div>\n\t\t<div class=\"elementor-element elementor-element-7b35b01 e-con-full animated-slow e-flex elementor-invisible e-con e-child\" data-id=\"7b35b01\" data-element_type=\"container\" data-e-type=\"container\" data-settings=\"{&quot;animation&quot;:&quot;fadeInUp&quot;,&quot;animation_delay&quot;:600}\">\n\t\t<div class=\"elementor-element elementor-element-156e0e1 e-con-full e-flex e-con e-child\" data-id=\"156e0e1\" data-element_type=\"container\" data-e-type=\"container\" data-settings=\"{&quot;background_background&quot;:&quot;classic&quot;}\">\n\t\t\t\t<\/div>\n\t\t\t\t<div class=\"elementor-element elementor-element-25506043 elementor-widget elementor-widget-heading\" data-id=\"25506043\" data-element_type=\"widget\" data-e-type=\"widget\" data-widget_type=\"heading.default\">\n\t\t\t\t\t<h2 class=\"elementor-heading-title elementor-size-default\">Terrantez do Pico<\/h2>\t\t\t\t<\/div>\n\t\t\t\t<div class=\"elementor-element elementor-element-41932255 elementor-widget elementor-widget-text-editor\" data-id=\"41932255\" data-element_type=\"widget\" data-e-type=\"widget\" data-widget_type=\"text-editor.default\">\n\t\t\t\t\t\t\t\t\t<p data-start=\"6384\" data-end=\"6485\">A rare and highly valued variety, associated with wines of great complexity.<\/p>\t\t\t\t\t\t\t\t<\/div>\n\t\t\t\t<\/div>\n\t\t\t\t\t<\/div>\n\t\t\t\t<\/div>\n\t\t<div class=\"elementor-element elementor-element-ba2a482 e-con-full e-flex e-con e-parent\" data-id=\"ba2a482\" data-element_type=\"container\" data-e-type=\"container\" data-settings=\"{&quot;background_background&quot;:&quot;classic&quot;}\">\n\t\t<div class=\"elementor-element elementor-element-cb4384d e-con-full e-flex e-con e-child\" data-id=\"cb4384d\" data-element_type=\"container\" data-e-type=\"container\">\n\t\t\t\t<\/div>\n\t\t<div class=\"elementor-element elementor-element-d628bb6 e-con-full animated-slow e-flex elementor-invisible e-con e-child\" data-id=\"d628bb6\" data-element_type=\"container\" data-e-type=\"container\" data-settings=\"{&quot;animation&quot;:&quot;fadeInRight&quot;}\">\n\t\t\t\t<div class=\"elementor-element elementor-element-935d291 elementor-widget elementor-widget-heading\" data-id=\"935d291\" data-element_type=\"widget\" data-e-type=\"widget\" data-widget_type=\"heading.default\">\n\t\t\t\t\t<h2 class=\"elementor-heading-title elementor-size-default\">The Vineyard Landscape<\/h2>\t\t\t\t<\/div>\n\t\t\t\t<div class=\"elementor-element elementor-element-8fbb468 elementor-widget elementor-widget-text-editor\" data-id=\"8fbb468\" data-element_type=\"widget\" data-e-type=\"widget\" data-widget_type=\"text-editor.default\">\n\t\t\t\t\t\t\t\t\t<p data-start=\"6510\" data-end=\"6686\">The vineyards grow on land characteristic of Pico Island, often protected by basalt stone walls that create a favourable microclimate for grape ripening.<\/p><p data-start=\"6510\" data-end=\"6686\">The island of Pico is internationally renowned for its unique wine-growing landscape, where Azorean traditions and identity have been preserved from generation to generation.<\/p>\t\t\t\t\t\t\t\t<\/div>\n\t\t\t\t<\/div>\n\t\t\t\t<\/div>\n\t\t\t\t<\/div>","protected":false},"excerpt":{"rendered":"<p>Uma tradi\u00e7\u00e3o com mais de um s\u00e9culo As vinhas da Ra\u00edzes do Pico fazem parte de terrenos de fam\u00edlia que t\u00eam sido cultivados ao longo de v\u00e1rias gera\u00e7\u00f5es. Durante muitos anos, os antepassados viveram exclusivamente da agricultura, dedicando grande parte do seu trabalho ao cultivo da vinha. Este trabalho agr\u00edcola fazia parte do quotidiano da [&hellip;]<\/p>\n","protected":false},"author":1,"featured_media":0,"parent":0,"menu_order":0,"comment_status":"closed","ping_status":"closed","template":"","meta":{"footnotes":""},"class_list":["post-15","page","type-page","status-publish","hentry"],"yoast_head":"<!-- This site is optimized with the Yoast SEO Premium plugin v27.0 (Yoast SEO v27.2) - https:\/\/yoast.com\/product\/yoast-seo-premium-wordpress\/ -->\n<title>Vinha - Ra\u00edzes do Pico<\/title>\n<meta name=\"robots\" content=\"index, follow, max-snippet:-1, max-image-preview:large, max-video-preview:-1\" \/>\n<link rel=\"canonical\" href=\"https:\/\/raizesdopico.com\/en\/vinha\/\" \/>\n<meta property=\"og:locale\" content=\"en_GB\" \/>\n<meta property=\"og:type\" content=\"article\" \/>\n<meta property=\"og:title\" content=\"Vinha\" \/>\n<meta property=\"og:description\" content=\"Uma tradi\u00e7\u00e3o com mais de um s\u00e9culo As vinhas da Ra\u00edzes do Pico fazem parte de terrenos de fam\u00edlia que t\u00eam sido cultivados ao longo de v\u00e1rias gera\u00e7\u00f5es. Durante muitos anos, os antepassados viveram exclusivamente da agricultura, dedicando grande parte do seu trabalho ao cultivo da vinha. Este trabalho agr\u00edcola fazia parte do quotidiano da [&hellip;]\" \/>\n<meta property=\"og:url\" content=\"https:\/\/raizesdopico.com\/en\/vinha\/\" \/>\n<meta property=\"og:site_name\" content=\"Ra\u00edzes do Pico\" \/>\n<meta property=\"article:modified_time\" content=\"2026-04-28T10:20:44+00:00\" \/>\n<meta name=\"twitter:card\" content=\"summary_large_image\" \/>\n<meta name=\"twitter:label1\" content=\"Estimated reading time\" \/>\n\t<meta name=\"twitter:data1\" content=\"2 minutes\" \/>\n<script type=\"application\/ld+json\" class=\"yoast-schema-graph\">{\"@context\":\"https:\/\/schema.org\",\"@graph\":[{\"@type\":\"WebPage\",\"@id\":\"https:\/\/raizesdopico.com\/vinha\/\",\"url\":\"https:\/\/raizesdopico.com\/vinha\/\",\"name\":\"Vinha - Ra\u00edzes do Pico\",\"isPartOf\":{\"@id\":\"https:\/\/raizesdopico.com\/#website\"},\"datePublished\":\"2026-03-10T00:49:26+00:00\",\"dateModified\":\"2026-04-28T10:20:44+00:00\",\"breadcrumb\":{\"@id\":\"https:\/\/raizesdopico.com\/vinha\/#breadcrumb\"},\"inLanguage\":\"en-GB\",\"potentialAction\":[{\"@type\":\"ReadAction\",\"target\":[\"https:\/\/raizesdopico.com\/vinha\/\"]}]},{\"@type\":\"BreadcrumbList\",\"@id\":\"https:\/\/raizesdopico.com\/vinha\/#breadcrumb\",\"itemListElement\":[{\"@type\":\"ListItem\",\"position\":1,\"name\":\"Home\",\"item\":\"https:\/\/raizesdopico.com\/\"},{\"@type\":\"ListItem\",\"position\":2,\"name\":\"Vinha\"}]},{\"@type\":\"WebSite\",\"@id\":\"https:\/\/raizesdopico.com\/#website\",\"url\":\"https:\/\/raizesdopico.com\/\",\"name\":\"Ra\u00edzes do Pico\",\"description\":\"\",\"publisher\":{\"@id\":\"https:\/\/raizesdopico.com\/#organization\"},\"potentialAction\":[{\"@type\":\"SearchAction\",\"target\":{\"@type\":\"EntryPoint\",\"urlTemplate\":\"https:\/\/raizesdopico.com\/?s={search_term_string}\"},\"query-input\":{\"@type\":\"PropertyValueSpecification\",\"valueRequired\":true,\"valueName\":\"search_term_string\"}}],\"inLanguage\":\"en-GB\"},{\"@type\":\"Organization\",\"@id\":\"https:\/\/raizesdopico.com\/#organization\",\"name\":\"Ra\u00edzes do Pico\",\"url\":\"https:\/\/raizesdopico.com\/\",\"logo\":{\"@type\":\"ImageObject\",\"inLanguage\":\"en-GB\",\"@id\":\"https:\/\/raizesdopico.com\/#\/schema\/logo\/image\/\",\"url\":\"https:\/\/raizesdopico.com\/wp-content\/uploads\/2026\/03\/logo-01-scaled.png\",\"contentUrl\":\"https:\/\/raizesdopico.com\/wp-content\/uploads\/2026\/03\/logo-01-scaled.png\",\"width\":2236,\"height\":2560,\"caption\":\"Ra\u00edzes do Pico\"},\"image\":{\"@id\":\"https:\/\/raizesdopico.com\/#\/schema\/logo\/image\/\"}}]}<\/script>\n<!-- \/ Yoast SEO Premium plugin. -->","yoast_head_json":{"title":"Vinha - Ra\u00edzes do Pico","robots":{"index":"index","follow":"follow","max-snippet":"max-snippet:-1","max-image-preview":"max-image-preview:large","max-video-preview":"max-video-preview:-1"},"canonical":"https:\/\/raizesdopico.com\/en\/vinha\/","og_locale":"en_GB","og_type":"article","og_title":"Vinha","og_description":"Uma tradi\u00e7\u00e3o com mais de um s\u00e9culo As vinhas da Ra\u00edzes do Pico fazem parte de terrenos de fam\u00edlia que t\u00eam sido cultivados ao longo de v\u00e1rias gera\u00e7\u00f5es. Durante muitos anos, os antepassados viveram exclusivamente da agricultura, dedicando grande parte do seu trabalho ao cultivo da vinha. Este trabalho agr\u00edcola fazia parte do quotidiano da [&hellip;]","og_url":"https:\/\/raizesdopico.com\/en\/vinha\/","og_site_name":"Ra\u00edzes do Pico","article_modified_time":"2026-04-28T10:20:44+00:00","twitter_card":"summary_large_image","twitter_misc":{"Estimated reading time":"2 minutes"},"schema":{"@context":"https:\/\/schema.org","@graph":[{"@type":"WebPage","@id":"https:\/\/raizesdopico.com\/vinha\/","url":"https:\/\/raizesdopico.com\/vinha\/","name":"Vinha - Ra\u00edzes do Pico","isPartOf":{"@id":"https:\/\/raizesdopico.com\/#website"},"datePublished":"2026-03-10T00:49:26+00:00","dateModified":"2026-04-28T10:20:44+00:00","breadcrumb":{"@id":"https:\/\/raizesdopico.com\/vinha\/#breadcrumb"},"inLanguage":"en-GB","potentialAction":[{"@type":"ReadAction","target":["https:\/\/raizesdopico.com\/vinha\/"]}]},{"@type":"BreadcrumbList","@id":"https:\/\/raizesdopico.com\/vinha\/#breadcrumb","itemListElement":[{"@type":"ListItem","position":1,"name":"Home","item":"https:\/\/raizesdopico.com\/"},{"@type":"ListItem","position":2,"name":"Vinha"}]},{"@type":"WebSite","@id":"https:\/\/raizesdopico.com\/#website","url":"https:\/\/raizesdopico.com\/","name":"Ra\u00edzes do Pico","description":"","publisher":{"@id":"https:\/\/raizesdopico.com\/#organization"},"potentialAction":[{"@type":"SearchAction","target":{"@type":"EntryPoint","urlTemplate":"https:\/\/raizesdopico.com\/?s={search_term_string}"},"query-input":{"@type":"PropertyValueSpecification","valueRequired":true,"valueName":"search_term_string"}}],"inLanguage":"en-GB"},{"@type":"Organization","@id":"https:\/\/raizesdopico.com\/#organization","name":"Ra\u00edzes do Pico","url":"https:\/\/raizesdopico.com\/","logo":{"@type":"ImageObject","inLanguage":"en-GB","@id":"https:\/\/raizesdopico.com\/#\/schema\/logo\/image\/","url":"https:\/\/raizesdopico.com\/wp-content\/uploads\/2026\/03\/logo-01-scaled.png","contentUrl":"https:\/\/raizesdopico.com\/wp-content\/uploads\/2026\/03\/logo-01-scaled.png","width":2236,"height":2560,"caption":"Ra\u00edzes do Pico"},"image":{"@id":"https:\/\/raizesdopico.com\/#\/schema\/logo\/image\/"}}]}},"_links":{"self":[{"href":"https:\/\/raizesdopico.com\/en\/wp-json\/wp\/v2\/pages\/15","targetHints":{"allow":["GET"]}}],"collection":[{"href":"https:\/\/raizesdopico.com\/en\/wp-json\/wp\/v2\/pages"}],"about":[{"href":"https:\/\/raizesdopico.com\/en\/wp-json\/wp\/v2\/types\/page"}],"author":[{"embeddable":true,"href":"https:\/\/raizesdopico.com\/en\/wp-json\/wp\/v2\/users\/1"}],"replies":[{"embeddable":true,"href":"https:\/\/raizesdopico.com\/en\/wp-json\/wp\/v2\/comments?post=15"}],"version-history":[{"count":31,"href":"https:\/\/raizesdopico.com\/en\/wp-json\/wp\/v2\/pages\/15\/revisions"}],"predecessor-version":[{"id":492,"href":"https:\/\/raizesdopico.com\/en\/wp-json\/wp\/v2\/pages\/15\/revisions\/492"}],"wp:attachment":[{"href":"https:\/\/raizesdopico.com\/en\/wp-json\/wp\/v2\/media?parent=15"}],"curies":[{"name":"wp","href":"https:\/\/api.w.org\/{rel}","templated":true}]}}